{"id":2318,"date":"2020-03-31T15:13:39","date_gmt":"2020-03-31T15:13:39","guid":{"rendered":"https:\/\/ekimenzentroa.com\/yoga\/"},"modified":"2020-11-18T20:08:23","modified_gmt":"2020-11-18T20:08:23","slug":"yoga","status":"publish","type":"page","link":"https:\/\/ekimenzentroa.com\/eu\/yoga\/","title":{"rendered":"Yoga"},"content":{"rendered":"<p>[et_pb_section fb_built=&#8221;1&#8243; admin_label=&#8221;Header&#8221; _builder_version=&#8221;4.4.2&#8243; background_image=&#8221;https:\/\/ekimenzentroa.com\/wp-content\/uploads\/2019\/10\/massage-17-1.jpg&#8221; background_size=&#8221;contain&#8221; width=&#8221;93%&#8221; overflow-x=&#8221;hidden&#8221; overflow-y=&#8221;hidden&#8221; custom_padding=&#8221;||0px|||&#8221; locked=&#8221;off&#8221;][et_pb_row column_structure=&#8221;3_5,2_5&#8243; _builder_version=&#8221;3.26.5&#8243; custom_padding=&#8221;||0px||false|false&#8221;][et_pb_column type=&#8221;3_5&#8243; _builder_version=&#8221;3.26.5&#8243; custom_padding=&#8221;||30px||false|false&#8221;][et_pb_text _builder_version=&#8221;4.4.2&#8243; text_font=&#8221;Roboto||||||||&#8221; header_font=&#8221;Roboto||||||||&#8221; header_font_size=&#8221;70px&#8221; header_line_height=&#8221;1.1em&#8221; header_font_tablet=&#8221;Muli|600|||||||&#8221; header_font_phone=&#8221;&#8221; header_font_last_edited=&#8221;on|desktop&#8221; header_font_size_tablet=&#8221;44px&#8221; header_font_size_phone=&#8221;34px&#8221; header_font_size_last_edited=&#8221;on|phone&#8221; header_letter_spacing_tablet=&#8221;2px&#8221; header_letter_spacing_phone=&#8221;0px&#8221; header_letter_spacing_last_edited=&#8221;on|desktop&#8221; header_text_shadow_style=&#8221;preset3&#8243; header_text_shadow_color=&#8221;#ffffff&#8221; locked=&#8221;off&#8221;]<\/p>\n<h1>YOGA<\/h1>\n<p>[\/et_pb_text][et_pb_text _builder_version=&#8221;4.4.2&#8243; text_font=&#8221;Roboto|300|||||||&#8221; text_font_size=&#8221;17px&#8221; text_line_height=&#8221;1.8em&#8221; max_width=&#8221;600px&#8221; custom_padding=&#8221;|0px|0px|||&#8221; text_font_size_tablet=&#8221;&#8221; text_font_size_phone=&#8221;14px&#8221; text_font_size_last_edited=&#8221;on|phone&#8221; text_line_height_tablet=&#8221;&#8221; text_line_height_phone=&#8221;1.6em&#8221; text_line_height_last_edited=&#8221;on|desktop&#8221; locked=&#8221;off&#8221;]<\/p>\n<p>En Ekimen se combinan dos modalidades de yoga con el fin de optimizar el mecanismo y la homeostasis de nuestro cuerpo y mente.<\/p>\n<p>[\/et_pb_text][et_pb_text _builder_version=&#8221;4.4.2&#8243; text_font=&#8221;Roboto|300|||||||&#8221; text_font_size=&#8221;17px&#8221; text_line_height=&#8221;1.8em&#8221; max_width=&#8221;600px&#8221; custom_padding=&#8221;|0px||||&#8221; text_font_size_tablet=&#8221;&#8221; text_font_size_phone=&#8221;14px&#8221; text_font_size_last_edited=&#8221;on|phone&#8221; text_line_height_tablet=&#8221;&#8221; text_line_height_phone=&#8221;1.6em&#8221; text_line_height_last_edited=&#8221;on|desktop&#8221; locked=&#8221;off&#8221;]<\/p>\n<h4>VINYASA KRAMA YOGA<\/h4>\n<p>[\/et_pb_text][et_pb_divider color=&#8221;#00b0c4&#8243; divider_weight=&#8221;4px&#8221; _builder_version=&#8221;4.4.2&#8243; width=&#8221;4%&#8221; custom_margin=&#8221;-32px||-12px||false|false&#8221;][\/et_pb_divider][et_pb_text _builder_version=&#8221;4.4.2&#8243; text_font=&#8221;Roboto|300|||||||&#8221; text_font_size=&#8221;15px&#8221; text_line_height=&#8221;1.8em&#8221; max_width=&#8221;600px&#8221; custom_margin=&#8221;|-84px||||&#8221; custom_padding=&#8221;|0px|0px|||&#8221; text_font_size_tablet=&#8221;&#8221; text_font_size_phone=&#8221;14px&#8221; text_font_size_last_edited=&#8221;on|phone&#8221; text_line_height_tablet=&#8221;&#8221; text_line_height_phone=&#8221;1.6em&#8221; text_line_height_last_edited=&#8221;on|desktop&#8221; locked=&#8221;off&#8221;]<\/p>\n<p style=\"text-align: justify;\">Es una antigua pr\u00e1ctica\u00a0de desarrollo f\u00edsico y espiritual. Es un m\u00e9todo\u00a0sistem\u00e1tico de estudio, pr\u00e1ctica, ense\u00f1anza y\u00a0adaptaci\u00f3n al yoga. Este enfoque del vinyasa krama\u00a0(metodolog\u00eda del movimiento y la secuencia) para\u00a0practicar el yogasana (postura de yoga) es \u00fanico en el\u00a0yoga.<span class=\"Apple-converted-space\">\u00a0<\/span><\/p>\n<p style=\"text-align: justify;\">\n<p style=\"text-align: justify;\">Al integrar las funciones de la mente, el cuerpo\u00a0y la respiraci\u00f3n en un mismo marco de tiempo, quien\u00a0adopte este m\u00e9todo experimentar\u00e1 un j\u00fabilo real en\u00a0la pr\u00e1ctica del yoga. Cada una de las importantes posturas\u00a0(asanas) se practica con diversos vinyasas (variaciones\u00a0y movimientos) muy elaborados. Cada\u00a0variaci\u00f3n est\u00e1 unida a la siguiente a trav\u00e9s de una\u00a0sucesi\u00f3n de movimientos de transici\u00f3n espec\u00edficos,\u00a0sincronizados mediante la respiraci\u00f3n.<span class=\"Apple-converted-space\">\u00a0<\/span><\/p>\n<p style=\"text-align: justify;\">\n<p style=\"text-align: justify;\">La mente sigue\u00a0atentamente la lenta, suave y controlada respiraci\u00f3n\u00a0ujjayi del yoga; y\u00a0la uni\u00f3n del cuerpo y la mente tiene\u00a0lugar con el acto de la respiraci\u00f3n como arn\u00e9s.<\/p>\n<p style=\"text-align: justify;\">\n<p style=\"text-align: justify;\">Al emplear la respiraci\u00f3n como\u00a0arn\u00e9s, el vinyasa krama yoga\u00a0combina el cuerpo y la mente y\u00a0as\u00ed se crea el yoga de la uni\u00f3n. Como\u00a0la mente sigue a la respiraci\u00f3n,\u00a0este m\u00e9todo es parte de un\u00a0proceso global y se alcanza un nivel\u00a0elevado de paz mental (samadhana).\u00a0De este modo, el trasfondo\u00a0de la paz y el j\u00fabilo se\u00a0establece permanentemente.<\/p>\n<p style=\"text-align: justify;\">\n<p style=\"text-align: justify;\">[\/et_pb_text][\/et_pb_column][et_pb_column type=&#8221;2_5&#8243; _builder_version=&#8221;3.26.5&#8243;][et_pb_image src=&#8221;https:\/\/ekimenzentroa.com\/wp-content\/uploads\/2019\/10\/aitzi.jpg&#8221; _builder_version=&#8221;4.4.2&#8243; max_width_tablet=&#8221;200px&#8221; max_width_phone=&#8221;&#8221; max_width_last_edited=&#8221;on|desktop&#8221; custom_margin=&#8221;-3vw|-10vw|||false|false&#8221; custom_margin_tablet=&#8221;0vw|||0vw|false|false&#8221; custom_margin_phone=&#8221;&#8221; custom_margin_last_edited=&#8221;on|desktop&#8221;][\/et_pb_image][et_pb_image src=&#8221;https:\/\/ekimenzentroa.com\/wp-content\/uploads\/2019\/10\/aitzi.jpg&#8221; _builder_version=&#8221;4.4.2&#8243; max_width_tablet=&#8221;200px&#8221; max_width_phone=&#8221;&#8221; max_width_last_edited=&#8221;on|desktop&#8221; custom_margin=&#8221;-3vw|-10vw|||false|false&#8221; custom_margin_tablet=&#8221;0vw|||0vw|false|false&#8221; custom_margin_phone=&#8221;&#8221; custom_margin_last_edited=&#8221;on|desktop&#8221;][\/et_pb_image][\/et_pb_column][\/et_pb_row][\/et_pb_section][et_pb_section fb_built=&#8221;1&#8243; admin_label=&#8221;Header&#8221; _builder_version=&#8221;4.4.2&#8243; background_image=&#8221;https:\/\/ekimenzentroa.com\/wp-content\/uploads\/2019\/10\/massage-17-1.jpg&#8221; background_size=&#8221;contain&#8221; width=&#8221;93%&#8221; overflow-x=&#8221;hidden&#8221; overflow-y=&#8221;hidden&#8221; custom_padding=&#8221;||0px|||&#8221; locked=&#8221;off&#8221;][et_pb_row column_structure=&#8221;3_5,2_5&#8243; _builder_version=&#8221;4.4.2&#8243; custom_margin=&#8221;-101px|auto||auto||&#8221; custom_padding=&#8221;||0px||false|false&#8221;][et_pb_column type=&#8221;3_5&#8243; _builder_version=&#8221;3.26.5&#8243; custom_padding=&#8221;||30px||false|false&#8221;][et_pb_image src=&#8221;https:\/\/ekimenzentroa.com\/wp-content\/uploads\/2019\/10\/aitzi.jpg&#8221; _builder_version=&#8221;4.4.2&#8243; max_width_tablet=&#8221;200px&#8221; max_width_phone=&#8221;&#8221; max_width_last_edited=&#8221;on|desktop&#8221; custom_margin=&#8221;0vw|-10vw|||false|false&#8221; custom_margin_tablet=&#8221;0vw|||0vw|false|false&#8221; custom_margin_phone=&#8221;&#8221; custom_margin_last_edited=&#8221;on|desktop&#8221;][\/et_pb_image][\/et_pb_column][et_pb_column type=&#8221;2_5&#8243; _builder_version=&#8221;3.26.5&#8243;][et_pb_text _builder_version=&#8221;4.4.2&#8243; text_font=&#8221;Roboto|300|||||||&#8221; text_font_size=&#8221;17px&#8221; text_line_height=&#8221;1.8em&#8221; max_width=&#8221;600px&#8221; custom_margin=&#8221;20px|||||&#8221; custom_padding=&#8221;|0px||||&#8221; text_font_size_tablet=&#8221;&#8221; text_font_size_phone=&#8221;14px&#8221; text_font_size_last_edited=&#8221;on|phone&#8221; text_line_height_tablet=&#8221;&#8221; text_line_height_phone=&#8221;1.6em&#8221; text_line_height_last_edited=&#8221;on|desktop&#8221; locked=&#8221;off&#8221;]<\/p>\n<h4>HATHA RADJA YOGA\u00a0<\/h4>\n<p>[\/et_pb_text][et_pb_divider color=&#8221;#00b0c4&#8243; divider_weight=&#8221;4px&#8221; _builder_version=&#8221;4.4.2&#8243; width=&#8221;6%&#8221; custom_margin=&#8221;-32px||-12px||false|false&#8221;][\/et_pb_divider][et_pb_text _builder_version=&#8221;4.4.2&#8243; text_font=&#8221;Roboto|300|||||||&#8221; text_font_size=&#8221;15px&#8221; text_line_height=&#8221;1.8em&#8221; max_width=&#8221;600px&#8221; custom_padding=&#8221;15px|0px|0px|||&#8221; text_font_size_tablet=&#8221;&#8221; text_font_size_phone=&#8221;14px&#8221; text_font_size_last_edited=&#8221;on|phone&#8221; text_line_height_tablet=&#8221;&#8221; text_line_height_phone=&#8221;1.6em&#8221; text_line_height_last_edited=&#8221;on|desktop&#8221; locked=&#8221;off&#8221;]<\/p>\n<p style=\"text-align: justify;\">se considera al Hatha yoga como el yoga del equilibrio, ya que es el encargado de equilibrar las energ\u00edas vitales y mentales existentes en el ser humano.<\/p>\n<p style=\"text-align: justify;\">De este modo, el Hatha yoga prepara cuerpo y mente para la pr\u00e1ctica del Radja yoga, el yoga de la interiorizaci\u00f3n que, en su camino hacia el mundo interior, produce la conexi\u00f3n consciente con el esp\u00edritu del que todos formamos parte. Al finalizar la relajaci\u00f3n,\u00a0tras una sesi\u00f3n de asanas -posturas caracter\u00edsticas del Hatha yoga-, la mente se encuentra aquietada, receptiva y dispuesta a traspasar las diferentes capas que configuran al ego y la personalidad, para conectar con la esencia a trav\u00e9s de la quietud y serenidad de la meditaci\u00f3n.<\/p>\n<p style=\"text-align: justify;\">\n<p style=\"text-align: justify;\">\n<p>[\/et_pb_text][\/et_pb_column][\/et_pb_row][\/et_pb_section][et_pb_section fb_built=&#8221;1&#8243; admin_label=&#8221;About&#8221; _builder_version=&#8221;4.4.2&#8243; use_background_color_gradient=&#8221;on&#8221; background_color_gradient_start=&#8221;rgba(32,162,191,0.63)&#8221; background_color_gradient_end=&#8221;#009cbf&#8221; background_color_gradient_direction=&#8221;90deg&#8221; custom_margin=&#8221;103px||230px||false|false&#8221; custom_margin_tablet=&#8221;60px||||false|false&#8221; custom_margin_phone=&#8221;&#8221; custom_margin_last_edited=&#8221;on|phone&#8221; locked=&#8221;off&#8221;][et_pb_row column_structure=&#8221;2_5,3_5&#8243; use_custom_gutter=&#8221;on&#8221; gutter_width=&#8221;2&#8243; custom_padding_last_edited=&#8221;off|desktop&#8221; _builder_version=&#8221;4.4.2&#8243; width=&#8221;85%&#8221; max_width=&#8221;1280px&#8221; custom_margin=&#8221;-140px|auto|-226px|auto|false|false&#8221; custom_padding=&#8221;9px|||||&#8221; custom_padding_tablet=&#8221;|40px||40px|false|true&#8221; custom_padding_phone=&#8221;|20px||20px|false|true&#8221; background_last_edited=&#8221;off|desktop&#8221; background_enable_image_tablet=&#8221;off&#8221;][et_pb_column type=&#8221;2_5&#8243; _builder_version=&#8221;4.4.2&#8243;][et_pb_image src=&#8221;https:\/\/ekimenzentroa.com\/wp-content\/uploads\/2019\/10\/pers..jpg&#8221; _builder_version=&#8221;4.4.2&#8243; transform_translate_linked=&#8221;off&#8221; max_width_tablet=&#8221;400px&#8221; max_width_phone=&#8221;&#8221; max_width_last_edited=&#8221;on|desktop&#8221; custom_margin=&#8221;40px|-200px|||false|false&#8221; box_shadow_style=&#8221;preset1&#8243; box_shadow_vertical=&#8221;100px&#8221; box_shadow_blur=&#8221;120px&#8221; box_shadow_spread=&#8221;-40px&#8221; locked=&#8221;off&#8221;][\/et_pb_image][\/et_pb_column][et_pb_column type=&#8221;3_5&#8243; _builder_version=&#8221;3.26.5&#8243; background_color=&#8221;#ffffff&#8221; custom_padding=&#8221;|40px|80px|40px|false|true&#8221; custom_padding_tablet=&#8221;40px|0px|40px||true|false&#8221; custom_padding_phone=&#8221;&#8221; custom_padding_last_edited=&#8221;on|tablet&#8221; box_shadow_style=&#8221;preset1&#8243; box_shadow_vertical=&#8221;80px&#8221; box_shadow_blur=&#8221;80px&#8221; box_shadow_color=&#8221;rgba(56,21,11,0.09)&#8221;][et_pb_text _builder_version=&#8221;4.4.2&#8243; header_2_font=&#8221;Roboto||||||||&#8221; header_2_font_size=&#8221;40px&#8221; header_2_line_height=&#8221;1.2em&#8221; max_width=&#8221;800px&#8221; header_2_font_size_tablet=&#8221;38px&#8221; header_2_font_size_phone=&#8221;26px&#8221; header_2_font_size_last_edited=&#8221;on|tablet&#8221; header_2_letter_spacing_tablet=&#8221;1px&#8221; header_2_letter_spacing_phone=&#8221;0px&#8221; header_2_letter_spacing_last_edited=&#8221;on|desktop&#8221; locked=&#8221;off&#8221;]<\/p>\n<h2>Beneficios\u00a0<\/h2>\n<p>[\/et_pb_text][et_pb_divider color=&#8221;#009CBF&#8221; divider_weight=&#8221;4px&#8221; _builder_version=&#8221;4.4.2&#8243; width=&#8221;38px&#8221; module_alignment=&#8221;left&#8221; custom_margin=&#8221;-13px||0px|-70px|false|false&#8221; locked=&#8221;off&#8221;][\/et_pb_divider][et_pb_text _builder_version=&#8221;4.4.2&#8243; text_font=&#8221;Roboto||||||||&#8221; text_text_color=&#8221;#009cbf&#8221; text_font_size=&#8221;15px&#8221; text_line_height=&#8221;1.8em&#8221; max_width=&#8221;600px&#8221; text_font_size_tablet=&#8221;&#8221; text_font_size_phone=&#8221;14px&#8221; text_font_size_last_edited=&#8221;on|phone&#8221; text_line_height_tablet=&#8221;&#8221; text_line_height_phone=&#8221;1.6em&#8221; text_line_height_last_edited=&#8221;on|desktop&#8221; locked=&#8221;off&#8221;]<\/p>\n<p>F\u00cdSICOS\u00a0<\/p>\n<p>[\/et_pb_text][et_pb_text _builder_version=&#8221;4.4.2&#8243; text_font=&#8221;Roboto|300|||||||&#8221; text_font_size=&#8221;15px&#8221; text_line_height=&#8221;1.8em&#8221; max_width=&#8221;600px&#8221; text_font_size_tablet=&#8221;&#8221; text_font_size_phone=&#8221;14px&#8221; text_font_size_last_edited=&#8221;on|phone&#8221; text_line_height_tablet=&#8221;&#8221; text_line_height_phone=&#8221;1.6em&#8221; text_line_height_last_edited=&#8221;on|desktop&#8221; locked=&#8221;off&#8221;]<\/p>\n<ul>\n<li><span><\/span><span>Aumenta las energ\u00edas\u00a0del cuerpo, lo libera de toxinas, refuerza sus defensas naturales contra las enfermedades y los est\u00edmulos de su entorno, y optimiza su funcionamiento.<br \/><\/span><\/li>\n<li><span><\/span><span>\u00a0Mejora la flexibilidad de m\u00fasculos y articulaciones, aportando m\u00e1s vitalidad y agilidad.<\/span><span><\/span><\/li>\n<li><span><\/span><span>\u00a0Incrementa la fuerza\u00a0f\u00edsica, trabajando los m\u00fasculos a la vez que mejora el aspecto general de nuestro cuerpo.<\/span><\/li>\n<li><span><\/span><span>\u00a0Colabora con la estimulaci\u00f3n del metabolismo, con la circulaci\u00f3n de la energ\u00eda y con la oxigenaci\u00f3n del cuerpo.<\/span><\/li>\n<li><span><\/span><span>\u00a0Gracias a la mayor producci\u00f3n de endorfinas, contribuye con la disminuci\u00f3n del dolor\u00a0y de las inflamaciones que causan algunas condiciones f\u00edsicas, generando un estado de relajaci\u00f3n.<\/span><\/li>\n<li><span><\/span><span>\u200b\u00a0Ayuda a mejorar la respiraci\u00f3n, lo cual repercute directamente en la salud de los \u00f3rganos, adem\u00e1s de ense\u00f1arnos a aprovechar mejor la energ\u00eda.<\/span><\/li>\n<\/ul>\n<p>[\/et_pb_text][et_pb_text _builder_version=&#8221;4.4.2&#8243; text_font=&#8221;Roboto||||||||&#8221; text_text_color=&#8221;#009cbf&#8221; text_font_size=&#8221;15px&#8221; text_line_height=&#8221;1.8em&#8221; max_width=&#8221;600px&#8221; text_font_size_tablet=&#8221;&#8221; text_font_size_phone=&#8221;14px&#8221; text_font_size_last_edited=&#8221;on|phone&#8221; text_line_height_tablet=&#8221;&#8221; text_line_height_phone=&#8221;1.6em&#8221; text_line_height_last_edited=&#8221;on|desktop&#8221; locked=&#8221;off&#8221;]<\/p>\n<p>MENTALES\u00a0<\/p>\n<p>[\/et_pb_text][et_pb_text _builder_version=&#8221;4.4.2&#8243; text_font=&#8221;Roboto|300|||||||&#8221; text_font_size=&#8221;15px&#8221; text_line_height=&#8221;1.8em&#8221; max_width=&#8221;600px&#8221; text_font_size_tablet=&#8221;&#8221; text_font_size_phone=&#8221;14px&#8221; text_font_size_last_edited=&#8221;on|phone&#8221; text_line_height_tablet=&#8221;&#8221; text_line_height_phone=&#8221;1.6em&#8221; text_line_height_last_edited=&#8221;on|desktop&#8221; locked=&#8221;off&#8221;]<\/p>\n<ul>\n<li><span><\/span><span>Genera calma y agudiza el cerebro, brind\u00e1ndonos una mayor estabilidad emocional y mental.<\/span><\/li>\n<li><span><\/span><span>Es un buen recurso para luchar contra la depresi\u00f3n.<\/span><\/li>\n<li><span><\/span><span>Ayuda a combatir episodios de ira y de p\u00e1nico.<\/span><\/li>\n<li><span><\/span><span>Mejora nuestra resistencia al estr\u00e9s, el control de la ansiedad y el enfoque de la atenci\u00f3n en las cuestiones importantes de nuestro d\u00eda a d\u00eda, evitando que los problemas nos ahoguen.<\/span><\/li>\n<li><span><\/span><span>Mejora la relaci\u00f3n con nuestro ser f\u00edsico y nuestra aceptaci\u00f3n de \u00e9l.<\/span><\/li>\n<li><span><\/span><span>Aumenta\u00a0la autoestima y la capacidad de creer en nosotros mismos.<\/span><\/li>\n<li><span><\/span><span>Contribuye\u00a0a un pensamiento positivo, a la relaci\u00f3n armoniosa con el entorno y al entusiasmo por la vida.<\/span><\/li>\n<li><span><\/span><span>Combate el\u00a0estr\u00e9s\u00a0\u00a0y nos ayuda a manejar la ansiedad, adem\u00e1s de despejar la mente y traer la atenci\u00f3n al momento presente haciendo la visi\u00f3n m\u00e1s clara<\/span><\/li>\n<\/ul>\n<p>[\/et_pb_text][\/et_pb_column][\/et_pb_row][\/et_pb_section][et_pb_section fb_built=&#8221;1&#8243; _builder_version=&#8221;3.29.3&#8243; background_color=&#8221;#0c0c0c&#8221; custom_margin=&#8221;3px|||||&#8221; custom_padding=&#8221;32px||28px|||&#8221; saved_tabs=&#8221;all&#8221;][et_pb_row column_structure=&#8221;1_4,1_4,1_4,1_4&#8243; _builder_version=&#8221;3.29.3&#8243; custom_margin=&#8221;-22px|auto||auto||&#8221; custom_padding=&#8221;32px||0px|||&#8221;][et_pb_column type=&#8221;1_4&#8243; _builder_version=&#8221;3.29.3&#8243;][et_pb_image src=&#8221;https:\/\/ekimenzentroa.com\/wp-content\/uploads\/2019\/10\/ekimen-txuria.png&#8221; align=&#8221;center&#8221; _builder_version=&#8221;4.4.2&#8243; width=&#8221;40%&#8221;][\/et_pb_image][\/et_pb_column][et_pb_column type=&#8221;1_4&#8243; _builder_version=&#8221;3.29.3&#8243;][et_pb_text _builder_version=&#8221;3.29.3&#8243; text_orientation=&#8221;center&#8221;]<\/p>\n<p><span style=\"color: #ffffff;\">Ba\u00f1eru Kalea 1<\/span><br \/> <span style=\"color: #ffffff;\"> 20800 Zarautz<\/span><br \/> <span style=\"color: #ffffff;\"> Gipuzkoa<\/span><\/p>\n<p>[\/et_pb_text][\/et_pb_column][et_pb_column type=&#8221;1_4&#8243; _builder_version=&#8221;3.29.3&#8243;][et_pb_text _builder_version=&#8221;4.0.3&#8243; text_orientation=&#8221;center&#8221;]<\/p>\n<p><span style=\"color: #ffffff;\">943 53 20 12<\/span><br \/> <span style=\"color: #ffffff;\"> 688 75 94 98<\/span><br \/> <span style=\"color: #ffffff;\"> info@ekimenzentroa.com<\/span><\/p>\n<p>[\/et_pb_text][\/et_pb_column][et_pb_column type=&#8221;1_4&#8243; _builder_version=&#8221;3.29.3&#8243;][et_pb_text _builder_version=&#8221;4.0.3&#8243; text_orientation=&#8221;center&#8221;]<\/p>\n<p><a href=\"https:\/\/ekimenzentroa.com\/avisos-legales\/\"><span style=\"color: #ffffff;\">Avisos Legales<\/span><\/a><br \/> <a href=\"https:\/\/ekimenzentroa.com\/politica-de-cookies\/\"><span style=\"color: #ffffff;\"> Pol\u00edtica de Cookies<\/span><\/a><br \/> <a href=\"https:\/\/ekimenzentroa.com\/politica-de-privacidad\/\"><span style=\"color: #ffffff;\"> Pol\u00edtica de Privacidad<\/span><\/a><\/p>\n<p>[\/et_pb_text][\/et_pb_column][\/et_pb_row][\/et_pb_section]<\/p>\n","protected":false},"excerpt":{"rendered":"<p>YOGAEn Ekimen se combinan dos modalidades de yoga con el fin de optimizar el mecanismo y la homeostasis de nuestro cuerpo y mente.VINYASA KRAMA YOGAEs una antigua pr\u00e1ctica\u00a0de desarrollo f\u00edsico y espiritual. Es un m\u00e9todo\u00a0sistem\u00e1tico de estudio, pr\u00e1ctica, ense\u00f1anza y\u00a0adaptaci\u00f3n al yoga. Este enfoque del vinyasa krama\u00a0(metodolog\u00eda del movimiento y la secuencia) para\u00a0practicar el yogasana [&hellip;]<\/p>\n","protected":false},"author":1,"featured_media":0,"parent":0,"menu_order":0,"comment_status":"closed","ping_status":"closed","template":"","meta":{"_et_pb_use_builder":"on","_et_pb_old_content":"","_et_gb_content_width":"","_monsterinsights_skip_tracking":false,"_monsterinsights_sitenote_active":false,"_monsterinsights_sitenote_note":"","_monsterinsights_sitenote_category":0,"footnotes":""},"class_list":["post-2318","page","type-page","status-publish","hentry"],"yoast_head":"<!-- This site is optimized with the Yoast SEO plugin v27.5 - https:\/\/yoast.com\/product\/yoast-seo-wordpress\/ -->\n<title>Yoga | Ekimen Zentroa | Zarautz<\/title>\n<meta name=\"robots\" content=\"index, follow, max-snippet:-1, max-image-preview:large, max-video-preview:-1\" \/>\n<link rel=\"canonical\" href=\"https:\/\/ekimenzentroa.com\/yoga\/\" \/>\n<meta property=\"og:locale\" content=\"eu_ES\" \/>\n<meta property=\"og:type\" content=\"article\" \/>\n<meta property=\"og:title\" content=\"Yoga | Ekimen Zentroa | Zarautz\" \/>\n<meta property=\"og:url\" content=\"https:\/\/ekimenzentroa.com\/yoga\/\" \/>\n<meta property=\"og:site_name\" content=\"Ekimen Zentroa\" \/>\n<meta property=\"article:modified_time\" content=\"2020-11-18T20:08:23+00:00\" \/>\n<meta property=\"og:image\" content=\"https:\/\/ekimenzentroa.com\/wp-content\/uploads\/2025\/09\/EkimenZentroa.png\" \/>\n\t<meta property=\"og:image:width\" content=\"1200\" \/>\n\t<meta property=\"og:image:height\" content=\"675\" \/>\n\t<meta property=\"og:image:type\" content=\"image\/png\" \/>\n<meta name=\"twitter:card\" content=\"summary_large_image\" \/>\n<meta name=\"twitter:label1\" content=\"Est. reading time\" \/>\n\t<meta name=\"twitter:data1\" content=\"11 minutes\" \/>\n<script type=\"application\/ld+json\" class=\"yoast-schema-graph\">{\"@context\":\"https:\\\/\\\/schema.org\",\"@graph\":[{\"@type\":\"WebPage\",\"@id\":\"https:\\\/\\\/ekimenzentroa.com\\\/yoga\\\/\",\"url\":\"https:\\\/\\\/ekimenzentroa.com\\\/yoga\\\/\",\"name\":\"Yoga | Ekimen Zentroa | Zarautz\",\"isPartOf\":{\"@id\":\"https:\\\/\\\/ekimenzentroa.com\\\/#website\"},\"datePublished\":\"2020-03-31T15:13:39+00:00\",\"dateModified\":\"2020-11-18T20:08:23+00:00\",\"breadcrumb\":{\"@id\":\"https:\\\/\\\/ekimenzentroa.com\\\/yoga\\\/#breadcrumb\"},\"inLanguage\":\"eu-ES\",\"potentialAction\":[{\"@type\":\"ReadAction\",\"target\":[\"https:\\\/\\\/ekimenzentroa.com\\\/yoga\\\/\"]}]},{\"@type\":\"BreadcrumbList\",\"@id\":\"https:\\\/\\\/ekimenzentroa.com\\\/yoga\\\/#breadcrumb\",\"itemListElement\":[{\"@type\":\"ListItem\",\"position\":1,\"name\":\"Portada\",\"item\":\"https:\\\/\\\/ekimenzentroa.com\\\/eu\\\/\"},{\"@type\":\"ListItem\",\"position\":2,\"name\":\"Yoga\"}]},{\"@type\":\"WebSite\",\"@id\":\"https:\\\/\\\/ekimenzentroa.com\\\/#website\",\"url\":\"https:\\\/\\\/ekimenzentroa.com\\\/\",\"name\":\"Ekimen Zentroa\",\"description\":\"Fisioterapia, Osteopata y asesor\u00eda nutricional y del deporte\",\"publisher\":{\"@id\":\"https:\\\/\\\/ekimenzentroa.com\\\/#organization\"},\"potentialAction\":[{\"@type\":\"SearchAction\",\"target\":{\"@type\":\"EntryPoint\",\"urlTemplate\":\"https:\\\/\\\/ekimenzentroa.com\\\/?s={search_term_string}\"},\"query-input\":{\"@type\":\"PropertyValueSpecification\",\"valueRequired\":true,\"valueName\":\"search_term_string\"}}],\"inLanguage\":\"eu-ES\"},{\"@type\":\"Organization\",\"@id\":\"https:\\\/\\\/ekimenzentroa.com\\\/#organization\",\"name\":\"Ekimen Zentroa\",\"url\":\"https:\\\/\\\/ekimenzentroa.com\\\/\",\"logo\":{\"@type\":\"ImageObject\",\"inLanguage\":\"eu-ES\",\"@id\":\"https:\\\/\\\/ekimenzentroa.com\\\/#\\\/schema\\\/logo\\\/image\\\/\",\"url\":\"https:\\\/\\\/ekimenzentroa.com\\\/wp-content\\\/uploads\\\/2025\\\/09\\\/EkimenZentroa_696x696.png\",\"contentUrl\":\"https:\\\/\\\/ekimenzentroa.com\\\/wp-content\\\/uploads\\\/2025\\\/09\\\/EkimenZentroa_696x696.png\",\"width\":696,\"height\":696,\"caption\":\"Ekimen Zentroa\"},\"image\":{\"@id\":\"https:\\\/\\\/ekimenzentroa.com\\\/#\\\/schema\\\/logo\\\/image\\\/\"},\"sameAs\":[\"https:\\\/\\\/www.instagram.com\\\/ekimenzentroa\"]}]}<\/script>\n<!-- \/ Yoast SEO plugin. -->","yoast_head_json":{"title":"Yoga | Ekimen Zentroa | Zarautz","robots":{"index":"index","follow":"follow","max-snippet":"max-snippet:-1","max-image-preview":"max-image-preview:large","max-video-preview":"max-video-preview:-1"},"canonical":"https:\/\/ekimenzentroa.com\/yoga\/","og_locale":"eu_ES","og_type":"article","og_title":"Yoga | Ekimen Zentroa | Zarautz","og_url":"https:\/\/ekimenzentroa.com\/yoga\/","og_site_name":"Ekimen Zentroa","article_modified_time":"2020-11-18T20:08:23+00:00","og_image":[{"width":1200,"height":675,"url":"https:\/\/ekimenzentroa.com\/wp-content\/uploads\/2025\/09\/EkimenZentroa.png","type":"image\/png"}],"twitter_card":"summary_large_image","twitter_misc":{"Est. reading time":"11 minutes"},"schema":{"@context":"https:\/\/schema.org","@graph":[{"@type":"WebPage","@id":"https:\/\/ekimenzentroa.com\/yoga\/","url":"https:\/\/ekimenzentroa.com\/yoga\/","name":"Yoga | Ekimen Zentroa | Zarautz","isPartOf":{"@id":"https:\/\/ekimenzentroa.com\/#website"},"datePublished":"2020-03-31T15:13:39+00:00","dateModified":"2020-11-18T20:08:23+00:00","breadcrumb":{"@id":"https:\/\/ekimenzentroa.com\/yoga\/#breadcrumb"},"inLanguage":"eu-ES","potentialAction":[{"@type":"ReadAction","target":["https:\/\/ekimenzentroa.com\/yoga\/"]}]},{"@type":"BreadcrumbList","@id":"https:\/\/ekimenzentroa.com\/yoga\/#breadcrumb","itemListElement":[{"@type":"ListItem","position":1,"name":"Portada","item":"https:\/\/ekimenzentroa.com\/eu\/"},{"@type":"ListItem","position":2,"name":"Yoga"}]},{"@type":"WebSite","@id":"https:\/\/ekimenzentroa.com\/#website","url":"https:\/\/ekimenzentroa.com\/","name":"Ekimen Zentroa","description":"Fisioterapia, Osteopata y asesor\u00eda nutricional y del deporte","publisher":{"@id":"https:\/\/ekimenzentroa.com\/#organization"},"potentialAction":[{"@type":"SearchAction","target":{"@type":"EntryPoint","urlTemplate":"https:\/\/ekimenzentroa.com\/?s={search_term_string}"},"query-input":{"@type":"PropertyValueSpecification","valueRequired":true,"valueName":"search_term_string"}}],"inLanguage":"eu-ES"},{"@type":"Organization","@id":"https:\/\/ekimenzentroa.com\/#organization","name":"Ekimen Zentroa","url":"https:\/\/ekimenzentroa.com\/","logo":{"@type":"ImageObject","inLanguage":"eu-ES","@id":"https:\/\/ekimenzentroa.com\/#\/schema\/logo\/image\/","url":"https:\/\/ekimenzentroa.com\/wp-content\/uploads\/2025\/09\/EkimenZentroa_696x696.png","contentUrl":"https:\/\/ekimenzentroa.com\/wp-content\/uploads\/2025\/09\/EkimenZentroa_696x696.png","width":696,"height":696,"caption":"Ekimen Zentroa"},"image":{"@id":"https:\/\/ekimenzentroa.com\/#\/schema\/logo\/image\/"},"sameAs":["https:\/\/www.instagram.com\/ekimenzentroa"]}]}},"_links":{"self":[{"href":"https:\/\/ekimenzentroa.com\/eu\/wp-json\/wp\/v2\/pages\/2318","targetHints":{"allow":["GET"]}}],"collection":[{"href":"https:\/\/ekimenzentroa.com\/eu\/wp-json\/wp\/v2\/pages"}],"about":[{"href":"https:\/\/ekimenzentroa.com\/eu\/wp-json\/wp\/v2\/types\/page"}],"author":[{"embeddable":true,"href":"https:\/\/ekimenzentroa.com\/eu\/wp-json\/wp\/v2\/users\/1"}],"replies":[{"embeddable":true,"href":"https:\/\/ekimenzentroa.com\/eu\/wp-json\/wp\/v2\/comments?post=2318"}],"version-history":[{"count":1,"href":"https:\/\/ekimenzentroa.com\/eu\/wp-json\/wp\/v2\/pages\/2318\/revisions"}],"predecessor-version":[{"id":2319,"href":"https:\/\/ekimenzentroa.com\/eu\/wp-json\/wp\/v2\/pages\/2318\/revisions\/2319"}],"wp:attachment":[{"href":"https:\/\/ekimenzentroa.com\/eu\/wp-json\/wp\/v2\/media?parent=2318"}],"curies":[{"name":"wp","href":"https:\/\/api.w.org\/{rel}","templated":true}]}}